{"id":11196,"date":"2022-09-30T13:14:45","date_gmt":"2022-09-30T12:14:45","guid":{"rendered":"https:\/\/www.mittelalterkraemer.de\/?post_type=product&#038;p=11196"},"modified":"2026-01-12T14:48:38","modified_gmt":"2026-01-12T13:48:38","slug":"wollmantel-kurz-mit-leinenfuetterung","status":"publish","type":"product","link":"https:\/\/www.mittelalterkraemer.de\/?product=wollmantel-kurz-mit-leinenfuetterung","title":{"rendered":"Wollmantel kurz mit Leinenf\u00fctterung"},"content":{"rendered":"<p>Ein kurzer Mantel aus Wollstoff mit Leinenf\u00fctterung<br \/>\nL\u00e4nge: 120 cm<br \/>\nAlle <a href=\"http:\/\/www.mittelalterkraemer.de\/?page_id=8722\"><u>Farben<\/u><\/a> bei einer Lieferzeit von 4 &#8211; 6 Wochen m\u00f6glich.<\/p>\n<p>Alle sichtbaren N\u00e4hte handvern\u00e4ht.<\/p>\n<p>Wolle &#8211; ca. 370 Gramm pro Quadratmeter<br \/>\nLeinen &#8211; ca. 230 Gramm pro Quadratmeter<\/p>\n<p><b>Ein Mantel in kurzer Form wie er eher f\u00fcr das Sp\u00e4tmittelalter \u00fcblich war. Der Mantel wird um den Hals auf die Schultern gelegt und mit drei Stoffkn\u00f6pfen auf der Schulter geschlossen.\u00a0<\/b><\/p>\n<p>M\u00e4ntel waren mehr als andere Kleidungsst\u00fcck auch Statussymbol. So trugen K\u00f6nige M\u00e4ntel die mit Purpur der namensgebenden Schnecken gef\u00e4rbt waren oder mit Hermelinfellen verziert wurden.<\/p>\n<p>Die L\u00e4nge und der Anteil eines Kreises (Ganz, 3\/4 oder 1\/2 Kreis) h\u00e4ngt schlicht davon ab wie betucht, also wie reich, der Tr\u00e4ger ist. Es ging uns bei diesem Angebot um den Schutz vor Wind und Wetter. Dieser Mantel w\u00e4rmt und h\u00e4lt einen trocken, was wichtig ist, da sich das Leben der Mittelalterdarsteller wie das der Menschen im Mittelalter vorwiegend drau\u00dfen abspielt.<\/p>\n<p>M\u00e4ntel, als vorwiegend praktische Alltagsgegenst\u00e4nde, waren f\u00fcr M\u00e4nner und Frauen gleich gearbeitet. F\u00fcr &#8220;Betuchtere&#8221; gab es auch andersfarbig gef\u00fctterte Exemplare (wie wir das von den Cotten her kennen).<\/p>\n<p><span style=\"font-size: 75%;\">Dekorationsartikel geh\u00f6ren nicht zum Lieferumfang<\/span><\/p>\n<p><span style=\"font-size: 75%;\">*Ma\u00dfgefertigte Produkte werden individuell auf vom Kunden zur Verf\u00fcgung gestellten Ma\u00dfen angefertigt. Die entsprechende Ma\u00dftabelle wird nach Bestellung an die angegebene E-Mail-Adresse versendet. Die Ma\u00dfe m\u00fcssen so genommen werden wie die Kleidung nachher getragen werden soll, also mit entsprechender Unterw\u00e4sche\/-kleidung, falls gew\u00fcnscht.<\/span><\/p>\n<p><span style=\"font-size: 75%;\">**Komplett handvern\u00e4ht bedeutet dass alle N\u00e4hte von Hand vern\u00e4ht werden, inklusive aller sichtbaren und unsichtbaren N\u00e4hte.<\/span><\/p>\n<p><span style=\"font-size: 75%;\">***Wollstoff aus mindestens 80% Wolle und h\u00f6chstens 20% Polyamid<\/span><\/p>\n<p>&nbsp;<\/p>\n","protected":false},"excerpt":{"rendered":"<p>Ein kurzer Mantel aus Wollstoff mit Leinenf\u00fctterung L\u00e4nge: 120 cm Alle Farben bei einer Lieferzeit von 4 &#8211; 6 Wochen m\u00f6glich. Alle sichtbaren N\u00e4hte handvern\u00e4ht. Wolle &#8211; ca. 370 Gramm pro Quadratmeter Leinen &#8211; ca. 230 Gramm pro Quadratmeter Ein Mantel in kurzer Form wie er eher f\u00fcr das Sp\u00e4tmittelalter \u00fcblich war. Der Mantel wird [&#8230;]\n","protected":false},"featured_media":11229,"comment_status":"open","ping_status":"closed","template":"","meta":[],"product_brand":[],"product_cat":[74,75,90,94],"product_tag":[],"class_list":{"0":"post-11196","1":"product","2":"type-product","3":"status-publish","4":"has-post-thumbnail","6":"product_cat-kleidung-damen","7":"product_cat-kleidung-herren","8":"product_cat-oberbekleidung-maentel","9":"product_cat-oberbekleidung-maentel-kleidung-herren","10":"product_shipping_class-stdversand","11":"tm-has-options","13":"first","14":"instock","15":"taxable","16":"shipping-taxable","17":"purchasable","18":"product-type-simple"},"_links":{"self":[{"href":"https:\/\/www.mittelalterkraemer.de\/index.php?rest_route=\/wp\/v2\/product\/11196","targetHints":{"allow":["GET"]}}],"collection":[{"href":"https:\/\/www.mittelalterkraemer.de\/index.php?rest_route=\/wp\/v2\/product"}],"about":[{"href":"https:\/\/www.mittelalterkraemer.de\/index.php?rest_route=\/wp\/v2\/types\/product"}],"replies":[{"embeddable":true,"href":"https:\/\/www.mittelalterkraemer.de\/index.php?rest_route=%2Fwp%2Fv2%2Fcomments&post=11196"}],"wp:featuredmedia":[{"embeddable":true,"href":"https:\/\/www.mittelalterkraemer.de\/index.php?rest_route=\/wp\/v2\/media\/11229"}],"wp:attachment":[{"href":"https:\/\/www.mittelalterkraemer.de\/index.php?rest_route=%2Fwp%2Fv2%2Fmedia&parent=11196"}],"wp:term":[{"taxonomy":"product_brand","embeddable":true,"href":"https:\/\/www.mittelalterkraemer.de\/index.php?rest_route=%2Fwp%2Fv2%2Fproduct_brand&post=11196"},{"taxonomy":"product_cat","embeddable":true,"href":"https:\/\/www.mittelalterkraemer.de\/index.php?rest_route=%2Fwp%2Fv2%2Fproduct_cat&post=11196"},{"taxonomy":"product_tag","embeddable":true,"href":"https:\/\/www.mittelalterkraemer.de\/index.php?rest_route=%2Fwp%2Fv2%2Fproduct_tag&post=11196"}],"curies":[{"name":"wp","href":"https:\/\/api.w.org\/{rel}","templated":true}]}}